{"id":1033,"date":"2019-05-09T13:38:03","date_gmt":"2019-05-09T11:38:03","guid":{"rendered":"http:\/\/gilpivert.fr\/?page_id=1033"},"modified":"2019-09-19T16:56:13","modified_gmt":"2019-09-19T14:56:13","slug":"le-havre","status":"publish","type":"page","link":"https:\/\/www.gilpivert.fr\/index.php\/le-havre\/","title":{"rendered":"Visite du Havre&#8230;"},"content":{"rendered":"\n<div class=\"wp-block-image\"><figure class=\"aligncenter\"><img data-recalc-dims=\"1\" loading=\"lazy\" decoding=\"async\" width=\"800\" height=\"226\" data-attachment-id=\"1048\" data-permalink=\"https:\/\/www.gilpivert.fr\/index.php\/le-havre\/le_havre-5\/\" data-orig-file=\"https:\/\/i0.wp.com\/www.gilpivert.fr\/wp-content\/uploads\/2019\/05\/Le_Havre-5.jpg?fit=800%2C226&amp;ssl=1\" data-orig-size=\"800,226\" data-comments-opened=\"1\" data-image-meta=\"{&quot;aperture&quot;:&quot;5.6&quot;,&quot;credit&quot;:&quot;&quot;,&quot;camera&quot;:&quot;DSC-RX100&quot;,&quot;caption&quot;:&quot;&quot;,&quot;created_timestamp&quot;:&quot;1333240155&quot;,&quot;copyright&quot;:&quot;&quot;,&quot;focal_length&quot;:&quot;36.28&quot;,&quot;iso&quot;:&quot;125&quot;,&quot;shutter_speed&quot;:&quot;0.002&quot;,&quot;title&quot;:&quot;&quot;,&quot;orientation&quot;:&quot;0&quot;}\" data-image-title=\"Le_Havre-5\" data-image-description=\"\" data-image-caption=\"\" data-large-file=\"https:\/\/i0.wp.com\/www.gilpivert.fr\/wp-content\/uploads\/2019\/05\/Le_Havre-5.jpg?fit=800%2C226&amp;ssl=1\" src=\"https:\/\/i0.wp.com\/gilpivert.fr\/wp-content\/uploads\/2019\/05\/Le_Havre-5.jpg?resize=800%2C226\" alt=\"\" class=\"wp-image-1048\" srcset=\"https:\/\/i0.wp.com\/www.gilpivert.fr\/wp-content\/uploads\/2019\/05\/Le_Havre-5.jpg?w=800&amp;ssl=1 800w, https:\/\/i0.wp.com\/www.gilpivert.fr\/wp-content\/uploads\/2019\/05\/Le_Havre-5.jpg?resize=300%2C85&amp;ssl=1 300w, https:\/\/i0.wp.com\/www.gilpivert.fr\/wp-content\/uploads\/2019\/05\/Le_Havre-5.jpg?resize=768%2C217&amp;ssl=1 768w\" sizes=\"auto, (max-width: 800px) 100vw, 800px\" \/><\/figure><\/div>\n\n\n\n<p>Bien s\u00fbr je ne suis pas objectif mais je trouve la ville du Havre  photog\u00e9nique \u00e0 l\u2019extr\u00eame. L&rsquo;architecture de Auguste Perret y est  magnifi\u00e9e par la lumi\u00e8re de l&rsquo;estuaire si ch\u00e8re \u00e0 nos impressionnistes.  <\/p>\n\n\n\n<h2 class=\"wp-block-heading\">La destruction<\/h2>\n\n\n\n<p>D\u00e9truite \u00e0 90% par les alli\u00e9s, les 5 et 6 septembre 1944, quelques semaines apr\u00e8s la lib\u00e9ration de Paris (5 000 morts et 80 000 sinist\u00e9s), la ville a \u00e9t\u00e9 enti\u00e8rement reb\u00e2tie en b\u00e9ton arm\u00e9. Le Havre fait l&rsquo;objet d&rsquo;une exp\u00e9rience de reconstruction unique en son genre par son \u00e9tendue, la coh\u00e9rence et les techniques de pr\u00e9fabrication.<\/p>\n\n\n\n<h2 class=\"wp-block-heading\">Auguste Perret<\/h2>\n\n\n\n<p>Auguste Perret a eu la malchance d&rsquo;avoir un certain Le Corbusier comme \u00e9l\u00e8ve \u00e0 qui il a transmis son int\u00e9r\u00eat pour les constructuctions en b\u00e9ton arm\u00e9. Les tenants du Mouvement moderne dont il \u00e9tait le chef de file, cherchant \u00e0 \u00ab\u00a0tuer le p\u00e8re\u00a0\u00bb se sont \u00e9vertu\u00e9s \u00e0 faire paraitre Perret comme un r\u00e9trograde pass\u00e9iste, s&rsquo;accaparant la r\u00e9volution de la construction dite moderne.<\/p>\n\n\n\n<p>Jusque dans les ann\u00e9es 90, \u00ab\u00a0Stalingrad sur mer\u00a0\u00bb n&rsquo;attirait que condescendance et d\u00e9dain&#8230;<\/p>\n\n\n\n<h2 class=\"wp-block-heading\">Le classement de l&rsquo;UNESCO<\/h2>\n\n\n\n<p>En 2005, le classement du centre reconstruit du Havre au Patrimoine de mondial de l&rsquo;UNESCO a redonn\u00e9 \u00e0 Perret son aura d\u2019architecte visionnaire et a chang\u00e9 le regard port\u00e9 \u00e0 cette ensemble architectural homog\u00e8ne.<\/p>\n\n\n\nngg_shortcode_0_placeholder\n\n\n\n<p>Mon travail photographique sur la reconstruction du Havre a \u00e9t\u00e9 utilis\u00e9 par l&rsquo;organisme <a rel=\"noreferrer noopener\" aria-label=\"INNOVA CONCRETE (s\u2019ouvre dans un nouvel onglet)\" href=\"https:\/\/100of20.innovaconcrete.eu\/le-havre-reconstruction\" target=\"_blank\">INNOVA CONCRETE<\/a> pour illustrer les 100 sites majeurs du XXe si\u00e8cle.<\/p>\n\n\n\n<p>L&rsquo;oeuvre d&rsquo;Auguste Perret est enfin appr\u00e9ci\u00e9e \u00e0 sa juste valeur l\u2019<a rel=\"noreferrer noopener\" aria-label=\"Institut Perret (s\u2019ouvre dans un nouvel onglet)\" href=\"https:\/\/architectona.wordpress.com\/\" target=\"_blank\">Institut Perret<\/a> y \u00e0 beaucoup travaill\u00e9.<\/p>\n\n\n\n<p>\u0152uvre majeure d&rsquo;auguste Perret, l&rsquo;<a href=\"\/index.php\/album-eglise-saint-joseph-du-havre\/\">\u00e9glise Saint Joseph<\/a> fait l&rsquo;objet d&rsquo;un album sp\u00e9cifique.<\/p>\n\n\n\n<h4 class=\"wp-block-heading\"><a href=\"http:\/\/gilpivert.fr\/index.php\/galeries\/\">Retour  aux galeries<\/a><\/h4>\n","protected":false},"excerpt":{"rendered":"<p>Bien s\u00fbr je ne suis pas objectif mais je trouve la ville du Havre photog\u00e9nique \u00e0 l\u2019extr\u00eame. L&rsquo;architecture de Auguste Perret y est magnifi\u00e9e par la lumi\u00e8re de l&rsquo;estuaire si ch\u00e8re \u00e0 nos impressionnistes. La destruction D\u00e9truite \u00e0 90% par [&hellip;]<\/p>\n","protected":false},"author":1,"featured_media":0,"parent":0,"menu_order":0,"comment_status":"closed","ping_status":"closed","template":"","meta":{"ngg_post_thumbnail":0,"footnotes":""},"class_list":["post-1033","page","type-page","status-publish","hentry"],"yoast_head":"<!-- This site is optimized with the Yoast SEO plugin v27.5 - https:\/\/yoast.com\/product\/yoast-seo-wordpress\/ -->\n<title>Visite du Havre... - Gil Pivert<\/title>\n<meta name=\"description\" content=\"Galerie photographique de Gil Pivert. Auteur - Photographe. Portfolios de ses travaux, book et blog pour \u00e9changer autour de l&#039;image et des voyages.\" \/>\n<meta name=\"robots\" content=\"index, follow, max-snippet:-1, max-image-preview:large, max-video-preview:-1\" \/>\n<link rel=\"canonical\" href=\"https:\/\/www.gilpivert.fr\/index.php\/le-havre\/\" \/>\n<meta property=\"og:locale\" content=\"fr_FR\" \/>\n<meta property=\"og:type\" content=\"article\" \/>\n<meta property=\"og:title\" content=\"Visite du Havre... - Gil Pivert\" \/>\n<meta property=\"og:description\" content=\"Galerie photographique de Gil Pivert. Auteur - Photographe. Portfolios de ses travaux, book et blog pour \u00e9changer autour de l&#039;image et des voyages.\" \/>\n<meta property=\"og:url\" content=\"https:\/\/www.gilpivert.fr\/index.php\/le-havre\/\" \/>\n<meta property=\"og:site_name\" content=\"Gil Pivert\" \/>\n<meta property=\"article:modified_time\" content=\"2019-09-19T14:56:13+00:00\" \/>\n<meta property=\"og:image\" content=\"http:\/\/gilpivert.fr\/wp-content\/uploads\/2019\/05\/Le_Havre-5.jpg\" \/>\n<meta name=\"twitter:card\" content=\"summary_large_image\" \/>\n<meta name=\"twitter:label1\" content=\"Dur\u00e9e de lecture estim\u00e9e\" \/>\n\t<meta name=\"twitter:data1\" content=\"1 minute\" \/>\n<script type=\"application\/ld+json\" class=\"yoast-schema-graph\">{\"@context\":\"https:\\\/\\\/schema.org\",\"@graph\":[{\"@type\":\"WebPage\",\"@id\":\"https:\\\/\\\/www.gilpivert.fr\\\/index.php\\\/le-havre\\\/\",\"url\":\"https:\\\/\\\/www.gilpivert.fr\\\/index.php\\\/le-havre\\\/\",\"name\":\"Visite du Havre... - Gil Pivert\",\"isPartOf\":{\"@id\":\"https:\\\/\\\/www.gilpivert.fr\\\/#website\"},\"primaryImageOfPage\":{\"@id\":\"https:\\\/\\\/www.gilpivert.fr\\\/index.php\\\/le-havre\\\/#primaryimage\"},\"image\":{\"@id\":\"https:\\\/\\\/www.gilpivert.fr\\\/index.php\\\/le-havre\\\/#primaryimage\"},\"thumbnailUrl\":\"http:\\\/\\\/gilpivert.fr\\\/wp-content\\\/uploads\\\/2019\\\/05\\\/Le_Havre-5.jpg\",\"datePublished\":\"2019-05-09T11:38:03+00:00\",\"dateModified\":\"2019-09-19T14:56:13+00:00\",\"description\":\"Galerie photographique de Gil Pivert. Auteur - Photographe. Portfolios de ses travaux, book et blog pour \u00e9changer autour de l'image et des voyages.\",\"breadcrumb\":{\"@id\":\"https:\\\/\\\/www.gilpivert.fr\\\/index.php\\\/le-havre\\\/#breadcrumb\"},\"inLanguage\":\"fr-FR\",\"potentialAction\":[{\"@type\":\"ReadAction\",\"target\":[\"https:\\\/\\\/www.gilpivert.fr\\\/index.php\\\/le-havre\\\/\"]}]},{\"@type\":\"ImageObject\",\"inLanguage\":\"fr-FR\",\"@id\":\"https:\\\/\\\/www.gilpivert.fr\\\/index.php\\\/le-havre\\\/#primaryimage\",\"url\":\"http:\\\/\\\/gilpivert.fr\\\/wp-content\\\/uploads\\\/2019\\\/05\\\/Le_Havre-5.jpg\",\"contentUrl\":\"http:\\\/\\\/gilpivert.fr\\\/wp-content\\\/uploads\\\/2019\\\/05\\\/Le_Havre-5.jpg\"},{\"@type\":\"BreadcrumbList\",\"@id\":\"https:\\\/\\\/www.gilpivert.fr\\\/index.php\\\/le-havre\\\/#breadcrumb\",\"itemListElement\":[{\"@type\":\"ListItem\",\"position\":1,\"name\":\"Accueil\",\"item\":\"https:\\\/\\\/www.gilpivert.fr\\\/\"},{\"@type\":\"ListItem\",\"position\":2,\"name\":\"Visite du Havre&#8230;\"}]},{\"@type\":\"WebSite\",\"@id\":\"https:\\\/\\\/www.gilpivert.fr\\\/#website\",\"url\":\"https:\\\/\\\/www.gilpivert.fr\\\/\",\"name\":\"Gil Pivert\",\"description\":\"Photos d\u2019art, culture et partage : R\u00eaver les yeux ouverts\",\"publisher\":{\"@id\":\"https:\\\/\\\/www.gilpivert.fr\\\/#organization\"},\"potentialAction\":[{\"@type\":\"SearchAction\",\"target\":{\"@type\":\"EntryPoint\",\"urlTemplate\":\"https:\\\/\\\/www.gilpivert.fr\\\/?s={search_term_string}\"},\"query-input\":{\"@type\":\"PropertyValueSpecification\",\"valueRequired\":true,\"valueName\":\"search_term_string\"}}],\"inLanguage\":\"fr-FR\"},{\"@type\":\"Organization\",\"@id\":\"https:\\\/\\\/www.gilpivert.fr\\\/#organization\",\"name\":\"Gil Pivert\",\"url\":\"https:\\\/\\\/www.gilpivert.fr\\\/\",\"logo\":{\"@type\":\"ImageObject\",\"inLanguage\":\"fr-FR\",\"@id\":\"https:\\\/\\\/www.gilpivert.fr\\\/#\\\/schema\\\/logo\\\/image\\\/\",\"url\":\"https:\\\/\\\/i1.wp.com\\\/www.gilpivert.fr\\\/wp-content\\\/uploads\\\/2019\\\/08\\\/Logo-GP-J400p.png?fit=400%2C187&ssl=1\",\"contentUrl\":\"https:\\\/\\\/i1.wp.com\\\/www.gilpivert.fr\\\/wp-content\\\/uploads\\\/2019\\\/08\\\/Logo-GP-J400p.png?fit=400%2C187&ssl=1\",\"width\":400,\"height\":187,\"caption\":\"Gil Pivert\"},\"image\":{\"@id\":\"https:\\\/\\\/www.gilpivert.fr\\\/#\\\/schema\\\/logo\\\/image\\\/\"},\"sameAs\":[\"http:\\\/\\\/gil.pivert\"]}]}<\/script>\n<!-- \/ Yoast SEO plugin. -->","yoast_head_json":{"title":"Visite du Havre... - Gil Pivert","description":"Galerie photographique de Gil Pivert. Auteur - Photographe. Portfolios de ses travaux, book et blog pour \u00e9changer autour de l'image et des voyages.","robots":{"index":"index","follow":"follow","max-snippet":"max-snippet:-1","max-image-preview":"max-image-preview:large","max-video-preview":"max-video-preview:-1"},"canonical":"https:\/\/www.gilpivert.fr\/index.php\/le-havre\/","og_locale":"fr_FR","og_type":"article","og_title":"Visite du Havre... - Gil Pivert","og_description":"Galerie photographique de Gil Pivert. Auteur - Photographe. Portfolios de ses travaux, book et blog pour \u00e9changer autour de l'image et des voyages.","og_url":"https:\/\/www.gilpivert.fr\/index.php\/le-havre\/","og_site_name":"Gil Pivert","article_modified_time":"2019-09-19T14:56:13+00:00","og_image":[{"url":"http:\/\/gilpivert.fr\/wp-content\/uploads\/2019\/05\/Le_Havre-5.jpg","type":"","width":"","height":""}],"twitter_card":"summary_large_image","twitter_misc":{"Dur\u00e9e de lecture estim\u00e9e":"1 minute"},"schema":{"@context":"https:\/\/schema.org","@graph":[{"@type":"WebPage","@id":"https:\/\/www.gilpivert.fr\/index.php\/le-havre\/","url":"https:\/\/www.gilpivert.fr\/index.php\/le-havre\/","name":"Visite du Havre... - Gil Pivert","isPartOf":{"@id":"https:\/\/www.gilpivert.fr\/#website"},"primaryImageOfPage":{"@id":"https:\/\/www.gilpivert.fr\/index.php\/le-havre\/#primaryimage"},"image":{"@id":"https:\/\/www.gilpivert.fr\/index.php\/le-havre\/#primaryimage"},"thumbnailUrl":"http:\/\/gilpivert.fr\/wp-content\/uploads\/2019\/05\/Le_Havre-5.jpg","datePublished":"2019-05-09T11:38:03+00:00","dateModified":"2019-09-19T14:56:13+00:00","description":"Galerie photographique de Gil Pivert. Auteur - Photographe. Portfolios de ses travaux, book et blog pour \u00e9changer autour de l'image et des voyages.","breadcrumb":{"@id":"https:\/\/www.gilpivert.fr\/index.php\/le-havre\/#breadcrumb"},"inLanguage":"fr-FR","potentialAction":[{"@type":"ReadAction","target":["https:\/\/www.gilpivert.fr\/index.php\/le-havre\/"]}]},{"@type":"ImageObject","inLanguage":"fr-FR","@id":"https:\/\/www.gilpivert.fr\/index.php\/le-havre\/#primaryimage","url":"http:\/\/gilpivert.fr\/wp-content\/uploads\/2019\/05\/Le_Havre-5.jpg","contentUrl":"http:\/\/gilpivert.fr\/wp-content\/uploads\/2019\/05\/Le_Havre-5.jpg"},{"@type":"BreadcrumbList","@id":"https:\/\/www.gilpivert.fr\/index.php\/le-havre\/#breadcrumb","itemListElement":[{"@type":"ListItem","position":1,"name":"Accueil","item":"https:\/\/www.gilpivert.fr\/"},{"@type":"ListItem","position":2,"name":"Visite du Havre&#8230;"}]},{"@type":"WebSite","@id":"https:\/\/www.gilpivert.fr\/#website","url":"https:\/\/www.gilpivert.fr\/","name":"Gil Pivert","description":"Photos d\u2019art, culture et partage : R\u00eaver les yeux ouverts","publisher":{"@id":"https:\/\/www.gilpivert.fr\/#organization"},"potentialAction":[{"@type":"SearchAction","target":{"@type":"EntryPoint","urlTemplate":"https:\/\/www.gilpivert.fr\/?s={search_term_string}"},"query-input":{"@type":"PropertyValueSpecification","valueRequired":true,"valueName":"search_term_string"}}],"inLanguage":"fr-FR"},{"@type":"Organization","@id":"https:\/\/www.gilpivert.fr\/#organization","name":"Gil Pivert","url":"https:\/\/www.gilpivert.fr\/","logo":{"@type":"ImageObject","inLanguage":"fr-FR","@id":"https:\/\/www.gilpivert.fr\/#\/schema\/logo\/image\/","url":"https:\/\/i1.wp.com\/www.gilpivert.fr\/wp-content\/uploads\/2019\/08\/Logo-GP-J400p.png?fit=400%2C187&ssl=1","contentUrl":"https:\/\/i1.wp.com\/www.gilpivert.fr\/wp-content\/uploads\/2019\/08\/Logo-GP-J400p.png?fit=400%2C187&ssl=1","width":400,"height":187,"caption":"Gil Pivert"},"image":{"@id":"https:\/\/www.gilpivert.fr\/#\/schema\/logo\/image\/"},"sameAs":["http:\/\/gil.pivert"]}]}},"jetpack_shortlink":"https:\/\/wp.me\/PaTRHF-gF","jetpack_likes_enabled":false,"jetpack_sharing_enabled":true,"_links":{"self":[{"href":"https:\/\/www.gilpivert.fr\/index.php\/wp-json\/wp\/v2\/pages\/1033","targetHints":{"allow":["GET"]}}],"collection":[{"href":"https:\/\/www.gilpivert.fr\/index.php\/wp-json\/wp\/v2\/pages"}],"about":[{"href":"https:\/\/www.gilpivert.fr\/index.php\/wp-json\/wp\/v2\/types\/page"}],"author":[{"embeddable":true,"href":"https:\/\/www.gilpivert.fr\/index.php\/wp-json\/wp\/v2\/users\/1"}],"replies":[{"embeddable":true,"href":"https:\/\/www.gilpivert.fr\/index.php\/wp-json\/wp\/v2\/comments?post=1033"}],"version-history":[{"count":19,"href":"https:\/\/www.gilpivert.fr\/index.php\/wp-json\/wp\/v2\/pages\/1033\/revisions"}],"predecessor-version":[{"id":3642,"href":"https:\/\/www.gilpivert.fr\/index.php\/wp-json\/wp\/v2\/pages\/1033\/revisions\/3642"}],"wp:attachment":[{"href":"https:\/\/www.gilpivert.fr\/index.php\/wp-json\/wp\/v2\/media?parent=1033"}],"curies":[{"name":"wp","href":"https:\/\/api.w.org\/{rel}","templated":true}]}}